{"id":195,"date":"2021-05-25T14:28:54","date_gmt":"2021-05-25T14:28:54","guid":{"rendered":"https:\/\/www.cs.ubbcluj.ro\/~avescan\/avenir\/?page_id=195"},"modified":"2021-05-25T15:28:58","modified_gmt":"2021-05-25T15:28:58","slug":"noutati-ro","status":"publish","type":"page","link":"https:\/\/www.cs.ubbcluj.ro\/~avescan\/avenir\/index.php\/ro\/noutati-ro\/","title":{"rendered":"Noutati"},"content":{"rendered":"<h3>UNDP<\/h3>\n<p><a href=\"https:\/\/www.undp.org\/content\/undp\/en\/home\/sustainable-development-goals\/goal-2-zero-hunger.html\">https:\/\/www.undp.org\/content\/undp\/en\/home\/sustainable-development-goals\/goal-2-zero-hunger.html<\/a><\/p>\n<h3>Distribu\u021bie de solarii \u00een Valea Viilor \u0219i Moti\u0219<\/h3>\n<p><img loading=\"lazy\" class=\"post_list_image_fit\" src=\"http:\/\/impreunaplantam.ro\/blogimageuploads\/Solarii_1.jpg\" alt=\"Solarii_1.jpg\" width=\"280\" height=\"280\" \/><\/p>\n<p>\u00cen data de\u00a0<strong>5 martie 2021<\/strong>\u00a0Funda\u021bia Open Fields a organizat \u00eempreun\u0103 cu Prim\u0103ria Comunei Valea Viilor prima distribu\u021bie a 10 solarii de legume \u0219i flori pentru comunitatea de romi \u00een cadrul proiectului &#8220;\u00cempreun\u0103 plant\u0103m dezvoltare \u0219i armonie \u00een Valea Viilor&#8221;. Solariile au fost distribuite beneficiarilor din comuna Valea Viilor \u0219i au fost bine primite de c\u0103tre \u00eentreaga comunitate.<\/p>\n<p><a href=\"http:\/\/impreunaplantam.ro\/noutati--impreuna-plantam--ro.html#!\/posts\/Distribuie-de-solarii-in-Valea-Viilor-i-Moti\/1\">http:\/\/impreunaplantam.ro\/noutati&#8211;impreuna-plantam&#8211;ro.html#!\/posts\/Distribuie-de-solarii-in-Valea-Viilor-i-Moti\/1<\/a><\/p>\n<h3>Prima distribu\u021bie de incubatoare de ou\u0103 \u00een comuna Mo\u0219na<\/h3>\n<p><img loading=\"lazy\" class=\"post_page_image\" src=\"http:\/\/cetateniactivi.ro\/blogimageuploads\/Incubatoare_1.jpg\" width=\"326\" height=\"245\" \/><\/p>\n<p>Miercuri, 23 martie 2021, a avut loc \u00een comuna Mo\u0219na, jude\u021bul Sibiu, prima distribu\u021bie a 20 incubatoare de oua pentru comunitatea de romi \u00een cadrul proiectului &#8220;Cet\u0103\u021beni activi in Podi\u0219ul Media\u0219ului&#8221;, proiect implementat de Funda\u021bia Open Fields.<\/p>\n<div class=\"container\">\n<div class=\"row project-title\">\n<div class=\"container\">\n<div class=\"col span_6 section-title \">\n<div class=\"inner-wrap\">\n<h3>CoopNet 2.0: \u00cenv\u0103\u021b\u0103m \u0219i cre\u0219tem \u00eempreun\u0103<\/h3>\n<\/div>\n<\/div>\n<\/div>\n<\/div>\n<\/div>\n<p>\u201eCoopNet 2.0: \u00cenv\u0103\u021bare \u0219i cre\u0219tere \u00eempreun\u0103\u201d \u00eencearc\u0103 s\u0103 educe \u0219i s\u0103 construiasc\u0103 un grup de lideri care conduc cooperativele agricole existente (manageri executivi \u0219i pre\u0219edin\u021bi), astfel \u00eenc\u00e2t s\u0103 poat\u0103 avea instrumentele de care au nevoie pentru a-\u0219i \u00eendeplini sarcinile. CoopNet 2.0 este o extensie natural\u0103 a proiectului CoopNet, care a \u00eenceput acum doi ani \u0219i a crescut un grup de exper\u021bi \u00een domeniul form\u0103rii \u0219i activit\u0103\u021bii cooperativelor agricole pentru a sprijini asocierea \u0219i cooperarea fermierilor din Rom\u00e2nia, precum \u0219i pentru a contribui la dezvoltarea structurilor asociative. Experien\u021ba noastr\u0103 a durat cel pu\u021bin 2-3 ani pentru ca o cooperativ\u0103 agricol\u0103 s\u0103 devin\u0103 opera\u021bional\u0103, cu timp suplimentar necesar pentru a trece prin diferitele etape ale evolu\u021biei. Sper\u0103m s\u0103 extindem grupul de lideri prin sesiuni de mentorat, vizite de studiu interna\u021bionale, un program de instruire pentru directori ai cooperativelor agricole, activit\u0103\u021bi de cercetare \u0219i advocacy, ca parte a noului proiect. Organizarea activit\u0103\u021bilor \u0219i reunirea diferi\u021bilor actori importan\u021bi &#8211; parteneri corporativi, autorit\u0103\u021bi locale, membri cooperativi \u0219i comunitate &#8211; sunt, de asemenea, pe locul prioritar al CoopNet 2.0.<\/p>\n<p><a href=\"https:\/\/civitas.ro\/proiecte\/coopnet2-0\/\">https:\/\/civitas.ro\/proiecte\/coopnet2-0\/<\/a><\/p>\n","protected":false},"excerpt":{"rendered":"<p>UNDP https:\/\/www.undp.org\/content\/undp\/en\/home\/sustainable-development-goals\/goal-2-zero-hunger.html Distribu\u021bie de solarii \u00een Valea Viilor \u0219i Moti\u0219 \u00cen data de\u00a05 martie 2021\u00a0Funda\u021bia Open Fields a organizat \u00eempreun\u0103 cu Prim\u0103ria Comunei Valea Viilor prima distribu\u021bie a 10 solarii de legume \u0219i flori pentru comunitatea de romi \u00een cadrul proiectului &#8220;\u00cempreun\u0103 plant\u0103m dezvoltare \u0219i armonie \u00een Valea Viilor&#8221;. Solariile au fost distribuite beneficiarilor din [&hellip;]<\/p>\n","protected":false},"author":1,"featured_media":0,"parent":0,"menu_order":0,"comment_status":"closed","ping_status":"closed","template":"","meta":[],"_links":{"self":[{"href":"https:\/\/www.cs.ubbcluj.ro\/~avescan\/avenir\/index.php\/wp-json\/wp\/v2\/pages\/195"}],"collection":[{"href":"https:\/\/www.cs.ubbcluj.ro\/~avescan\/avenir\/index.php\/wp-json\/wp\/v2\/pages"}],"about":[{"href":"https:\/\/www.cs.ubbcluj.ro\/~avescan\/avenir\/index.php\/wp-json\/wp\/v2\/types\/page"}],"author":[{"embeddable":true,"href":"https:\/\/www.cs.ubbcluj.ro\/~avescan\/avenir\/index.php\/wp-json\/wp\/v2\/users\/1"}],"replies":[{"embeddable":true,"href":"https:\/\/www.cs.ubbcluj.ro\/~avescan\/avenir\/index.php\/wp-json\/wp\/v2\/comments?post=195"}],"version-history":[{"count":3,"href":"https:\/\/www.cs.ubbcluj.ro\/~avescan\/avenir\/index.php\/wp-json\/wp\/v2\/pages\/195\/revisions"}],"predecessor-version":[{"id":259,"href":"https:\/\/www.cs.ubbcluj.ro\/~avescan\/avenir\/index.php\/wp-json\/wp\/v2\/pages\/195\/revisions\/259"}],"wp:attachment":[{"href":"https:\/\/www.cs.ubbcluj.ro\/~avescan\/avenir\/index.php\/wp-json\/wp\/v2\/media?parent=195"}],"curies":[{"name":"wp","href":"https:\/\/api.w.org\/{rel}","templated":true}]}}